{"id":1527,"date":"2019-04-10T11:25:54","date_gmt":"2019-04-10T11:25:54","guid":{"rendered":"https:\/\/aids-hilfe-freiburg.de\/je-suis-positif\/differents-groupes-et-rencontres"},"modified":"2022-04-29T10:18:17","modified_gmt":"2022-04-29T10:18:17","slug":"differents-groupes-et-rencontres","status":"publish","type":"page","link":"https:\/\/aids-hilfe-freiburg.de\/fr\/je-suis-positif\/differents-groupes-et-rencontres\/","title":{"rendered":"Diff\u00e9rents groupes et rencontres"},"content":{"rendered":"\t\t<div data-elementor-type=\"wp-post\" data-elementor-id=\"1527\" class=\"elementor elementor-1527 elementor-550\" data-elementor-post-type=\"page\">\n\t\t\t\t\t\t<section data-particle_enable=\"false\" data-particle-mobile-disabled=\"false\" class=\"elementor-section elementor-top-section elementor-element elementor-element-740562b elementor-section-boxed elementor-section-height-default elementor-section-height-default\" data-id=\"740562b\" data-element_type=\"section\">\n\t\t\t\t\t\t<div class=\"elementor-container elementor-column-gap-default\">\n\t\t\t\t\t<div class=\"elementor-column elementor-col-100 elementor-top-column elementor-element elementor-element-0b0d282\" data-id=\"0b0d282\" data-element_type=\"column\">\n\t\t\t<div class=\"elementor-widget-wrap elementor-element-populated\">\n\t\t\t\t\t\t<div class=\"elementor-element elementor-element-013eefa elementor-widget elementor-widget-heading\" data-id=\"013eefa\" data-element_type=\"widget\" data-widget_type=\"heading.default\">\n\t\t\t\t<div class=\"elementor-widget-container\">\n\t\t\t\t\t<h4 class=\"elementor-heading-title elementor-size-default\">Diff\u00e9rents groupes et rencontres<\/h4>\t\t\t\t<\/div>\n\t\t\t\t<\/div>\n\t\t\t\t\t<\/div>\n\t\t<\/div>\n\t\t\t\t\t<\/div>\n\t\t<\/section>\n\t\t\t\t<section data-particle_enable=\"false\" data-particle-mobile-disabled=\"false\" class=\"elementor-section elementor-top-section elementor-element elementor-element-7ff5ac51 elementor-section-boxed elementor-section-height-default elementor-section-height-default\" data-id=\"7ff5ac51\" data-element_type=\"section\">\n\t\t\t\t\t\t<div class=\"elementor-container elementor-column-gap-default\">\n\t\t\t\t\t<div class=\"elementor-column elementor-col-66 elementor-top-column elementor-element elementor-element-53ecc8d6\" data-id=\"53ecc8d6\" data-element_type=\"column\">\n\t\t\t<div class=\"elementor-widget-wrap elementor-element-populated\">\n\t\t\t\t\t\t<div class=\"elementor-element elementor-element-37c62b59 elementor-widget elementor-widget-image\" data-id=\"37c62b59\" data-element_type=\"widget\" data-widget_type=\"image.default\">\n\t\t\t\t<div class=\"elementor-widget-container\">\n\t\t\t\t\t\t\t\t\t\t\t\t\t\t\t<img fetchpriority=\"high\" decoding=\"async\" width=\"800\" height=\"440\" src=\"https:\/\/aids-hilfe-freiburg.de\/wp-content\/uploads\/2018\/10\/gruppen_treffs.jpg\" class=\"attachment-large size-large wp-image-1433\" alt=\"H\u00e4nde von verschiedenen Menschen \u00fcbereinander\" srcset=\"https:\/\/aids-hilfe-freiburg.de\/wp-content\/uploads\/2018\/10\/gruppen_treffs.jpg 800w, https:\/\/aids-hilfe-freiburg.de\/wp-content\/uploads\/2018\/10\/gruppen_treffs-300x165.jpg 300w, https:\/\/aids-hilfe-freiburg.de\/wp-content\/uploads\/2018\/10\/gruppen_treffs-768x422.jpg 768w\" sizes=\"(max-width: 800px) 100vw, 800px\" \/>\t\t\t\t\t\t\t\t\t\t\t\t\t\t\t<\/div>\n\t\t\t\t<\/div>\n\t\t\t\t<div class=\"elementor-element elementor-element-5a2ca4df elementor-widget elementor-widget-text-editor\" data-id=\"5a2ca4df\" data-element_type=\"widget\" data-widget_type=\"text-editor.default\">\n\t\t\t\t<div class=\"elementor-widget-container\">\n\t\t\t\t\t\t\t\t\t<p>\u00ab Checkpoint Aidshilfe Freiburg e. V. \u00bb (aide locale contre le sida) met \u00e0 disposition des espaces de rencontre pour renforcer les liens de solidarit\u00e9 entre les personnes vivant avec le VIH\/sida. A notre avis, c\u2019est une contribution essentielle pour qu\u2019une vie avec le VIH soit r\u00e9ussie. Nous accompagnons les rencontres (de mani\u00e8re active ou indirecte) et nous rendons possible l\u2019acc\u00e8s aux diff\u00e9rents groupes et rencontres. Pour respecter l\u2019anonymat des personnes se rencontrant, nous vous prions de bien vouloir vous inscrire aupr\u00e8s du centre de conseil avant de venir pour la premi\u00e8re fois dans un groupe ou \u00e0 une rencontre. Par la m\u00eame occasion, nous pourrons vous donner les dates des prochaines rencontres.<\/p>\t\t\t\t\t\t\t\t<\/div>\n\t\t\t\t<\/div>\n\t\t\t\t\t<\/div>\n\t\t<\/div>\n\t\t\t\t<div class=\"elementor-column elementor-col-33 elementor-top-column elementor-element elementor-element-44723d4a\" data-id=\"44723d4a\" data-element_type=\"column\">\n\t\t\t<div class=\"elementor-widget-wrap elementor-element-populated\">\n\t\t\t\t\t\t<div class=\"elementor-element elementor-element-dc1a05c elementor-widget elementor-widget-heading\" data-id=\"dc1a05c\" data-element_type=\"widget\" data-widget_type=\"heading.default\">\n\t\t\t\t<div class=\"elementor-widget-container\">\n\t\t\t\t\t<h4 class=\"elementor-heading-title elementor-size-default\">  Contact:<\/h4>\t\t\t\t<\/div>\n\t\t\t\t<\/div>\n\t\t\t\t<div class=\"elementor-element elementor-element-e270b0a elementor-widget elementor-widget-text-editor\" data-id=\"e270b0a\" data-element_type=\"widget\" data-widget_type=\"text-editor.default\">\n\t\t\t\t<div class=\"elementor-widget-container\">\n\t\t\t\t\t\t\t\t\t<p><strong>Bettina Deuschle<br \/><\/strong>Fachbereich Frauen und Migration<br \/>0761-151 4664-16<br \/><a href=\"mailto:bettina.deuschle@checkpointaidshilfe.de\">bettina.deuschle@checkpointaidshilfe.de<\/a><\/p>\t\t\t\t\t\t\t\t<\/div>\n\t\t\t\t<\/div>\n\t\t\t\t<div class=\"elementor-element elementor-element-75f0b611 elementor-widget elementor-widget-text-editor\" data-id=\"75f0b611\" data-element_type=\"widget\" data-widget_type=\"text-editor.default\">\n\t\t\t\t<div class=\"elementor-widget-container\">\n\t\t\t\t\t\t\t\t\t<p>&nbsp;<\/p>\n\t\t\t\t\t\t\t\t<\/div>\n\t\t\t\t<\/div>\n\t\t\t\t\t<\/div>\n\t\t<\/div>\n\t\t\t\t\t<\/div>\n\t\t<\/section>\n\t\t\t\t<\/div>\n\t\t","protected":false},"excerpt":{"rendered":"<p>Diff\u00e9rents groupes et rencontres \u00ab Checkpoint Aidshilfe Freiburg e. V. \u00bb (aide locale contre le sida) met \u00e0 disposition des espaces de rencontre pour renforcer&hellip;<\/p>\n","protected":false},"author":1,"featured_media":0,"parent":1448,"menu_order":0,"comment_status":"closed","ping_status":"closed","template":"","meta":{"footnotes":""},"class_list":["post-1527","page","type-page","status-publish","hentry"],"publishpress_future_action":{"enabled":false,"date":"2026-05-07 07:47:37","action":"change-status","newStatus":"draft","terms":[],"taxonomy":"translation_priority","extraData":[]},"publishpress_future_workflow_manual_trigger":{"enabledWorkflows":[]},"_links":{"self":[{"href":"https:\/\/aids-hilfe-freiburg.de\/fr\/wp-json\/wp\/v2\/pages\/1527","targetHints":{"allow":["GET"]}}],"collection":[{"href":"https:\/\/aids-hilfe-freiburg.de\/fr\/wp-json\/wp\/v2\/pages"}],"about":[{"href":"https:\/\/aids-hilfe-freiburg.de\/fr\/wp-json\/wp\/v2\/types\/page"}],"author":[{"embeddable":true,"href":"https:\/\/aids-hilfe-freiburg.de\/fr\/wp-json\/wp\/v2\/users\/1"}],"replies":[{"embeddable":true,"href":"https:\/\/aids-hilfe-freiburg.de\/fr\/wp-json\/wp\/v2\/comments?post=1527"}],"version-history":[{"count":11,"href":"https:\/\/aids-hilfe-freiburg.de\/fr\/wp-json\/wp\/v2\/pages\/1527\/revisions"}],"predecessor-version":[{"id":4331,"href":"https:\/\/aids-hilfe-freiburg.de\/fr\/wp-json\/wp\/v2\/pages\/1527\/revisions\/4331"}],"up":[{"embeddable":true,"href":"https:\/\/aids-hilfe-freiburg.de\/fr\/wp-json\/wp\/v2\/pages\/1448"}],"wp:attachment":[{"href":"https:\/\/aids-hilfe-freiburg.de\/fr\/wp-json\/wp\/v2\/media?parent=1527"}],"curies":[{"name":"wp","href":"https:\/\/api.w.org\/{rel}","templated":true}]}}