{"id":1591,"date":"2019-04-11T14:06:26","date_gmt":"2019-04-11T14:06:26","guid":{"rendered":"https:\/\/aids-hilfe-freiburg.de\/je-veux-savoir\/prevention-et-information"},"modified":"2022-04-29T10:25:07","modified_gmt":"2022-04-29T10:25:07","slug":"prevention-et-information","status":"publish","type":"page","link":"https:\/\/aids-hilfe-freiburg.de\/fr\/je-veux-savoir\/prevention-et-information\/","title":{"rendered":"Pr\u00e9vention et information"},"content":{"rendered":"\t\t<div data-elementor-type=\"wp-post\" data-elementor-id=\"1591\" class=\"elementor elementor-1591 elementor-871\" data-elementor-post-type=\"page\">\n\t\t\t\t\t\t<section data-particle_enable=\"false\" data-particle-mobile-disabled=\"false\" class=\"elementor-section elementor-top-section elementor-element elementor-element-7c9b4f1 elementor-section-boxed elementor-section-height-default elementor-section-height-default\" data-id=\"7c9b4f1\" data-element_type=\"section\">\n\t\t\t\t\t\t<div class=\"elementor-container elementor-column-gap-default\">\n\t\t\t\t\t<div class=\"elementor-column elementor-col-100 elementor-top-column elementor-element elementor-element-c970baf\" data-id=\"c970baf\" data-element_type=\"column\">\n\t\t\t<div class=\"elementor-widget-wrap elementor-element-populated\">\n\t\t\t\t\t\t<div class=\"elementor-element elementor-element-013eefa elementor-widget elementor-widget-heading\" data-id=\"013eefa\" data-element_type=\"widget\" data-widget_type=\"heading.default\">\n\t\t\t\t<div class=\"elementor-widget-container\">\n\t\t\t\t\t<h4 class=\"elementor-heading-title elementor-size-default\">Pr\u00e9vention et information<\/h4>\t\t\t\t<\/div>\n\t\t\t\t<\/div>\n\t\t\t\t\t<\/div>\n\t\t<\/div>\n\t\t\t\t\t<\/div>\n\t\t<\/section>\n\t\t\t\t<section data-particle_enable=\"false\" data-particle-mobile-disabled=\"false\" class=\"elementor-section elementor-top-section elementor-element elementor-element-84c1973 elementor-section-boxed elementor-section-height-default elementor-section-height-default\" data-id=\"84c1973\" data-element_type=\"section\">\n\t\t\t\t\t\t<div class=\"elementor-container elementor-column-gap-default\">\n\t\t\t\t\t<div class=\"elementor-column elementor-col-66 elementor-top-column elementor-element elementor-element-c0ede96\" data-id=\"c0ede96\" data-element_type=\"column\">\n\t\t\t<div class=\"elementor-widget-wrap elementor-element-populated\">\n\t\t\t\t\t\t<div class=\"elementor-element elementor-element-0a3e0c6 elementor-widget elementor-widget-image\" data-id=\"0a3e0c6\" data-element_type=\"widget\" data-widget_type=\"image.default\">\n\t\t\t\t<div class=\"elementor-widget-container\">\n\t\t\t\t\t\t\t\t\t\t\t\t\t\t\t<img fetchpriority=\"high\" decoding=\"async\" width=\"800\" height=\"440\" src=\"https:\/\/aids-hilfe-freiburg.de\/wp-content\/uploads\/2018\/10\/praevention.jpg\" class=\"attachment-large size-large wp-image-1568\" alt=\"Junge Menschen machen eine gemeinsame Aufgabe mit Malstifte\" srcset=\"https:\/\/aids-hilfe-freiburg.de\/wp-content\/uploads\/2018\/10\/praevention.jpg 800w, https:\/\/aids-hilfe-freiburg.de\/wp-content\/uploads\/2018\/10\/praevention-300x165.jpg 300w, https:\/\/aids-hilfe-freiburg.de\/wp-content\/uploads\/2018\/10\/praevention-768x422.jpg 768w\" sizes=\"(max-width: 800px) 100vw, 800px\" \/>\t\t\t\t\t\t\t\t\t\t\t\t\t\t\t<\/div>\n\t\t\t\t<\/div>\n\t\t\t\t<div class=\"elementor-element elementor-element-b1e4dbd elementor-widget elementor-widget-text-editor\" data-id=\"b1e4dbd\" data-element_type=\"widget\" data-widget_type=\"text-editor.default\">\n\t\t\t\t<div class=\"elementor-widget-container\">\n\t\t\t\t\t\t\t\t\t<p>Le fait que le VIH\/sida et les autres infections sexuellement transmissibles (IST) touchent tous les groupes de \u00a0population de notre soci\u00e9t\u00e9 laisse pr\u00e9sumer un manque d\u2019information parmi d\u2019autres causes.<\/p>\n<p>C\u2019est pour cette raison que la pr\u00e9vention joue un r\u00f4le essentiel dans notre travail. Nous proposons des manifestations et actions sp\u00e9cifiques aux diff\u00e9rents groupes cibles. Nous souhaitons familiariser les participant\u00b7e\u00b7s avec les questions li\u00e9es \u00e0 la sant\u00e9 sexuelle et les sensibiliser au VIH\/sida et aux autres IST.<\/p>\n<p>Voici ce que nous proposons, entre autres\u00a0:<\/p>\n<p>&#8211; des actions de pr\u00e9vention dans tous les types d\u2019\u00e9cole \u00e0 partir de la 7e ou 8e classe (incluant les \u00e9coles professionnelles et les \u00e9tablissements d\u2019enseignement sup\u00e9rieur),<\/p>\n<p>&#8211; des formations pour multiplicateur\u00b7rice\u00b7s, p. ex. pour de (futur\u2219e\u2219s) enseignant\u2219e\u2219s,<\/p>\n<p>&#8211; des r\u00e9unions d\u2019information pour le personnel m\u00e9dical (p. ex. pour de futur\u00b7e\u00b7s infirmier\u00b7\u00e8re\u00b7s ou m\u00e9decins),<\/p>\n<p>&#8211; des actions pour les personnes en d\u00e9tention (aussi pour celles en d\u00e9tention provisoire) ainsi que pour le personnel carc\u00e9ral,<\/p>\n<p>&#8211; des actions dans l\u2019espace public (p. ex. lors de concerts, dans des discoth\u00e8ques, dans des salons)<\/p>\n<p>&#8211; des actions de pr\u00e9vention visant le groupe cible des HSH (hommes ayant des rapports sexuels entre hommes),<\/p>\n<p>&#8211; des actions de pr\u00e9vention sp\u00e9cifiquement destin\u00e9es aux migrant\u00b7e\u00b7s et aux r\u00e9fugi\u00e9\u00b7e\u00b7s,<\/p>\n<p>&#8211; des r\u00e9unions d\u2019information pour les personnes vivant avec le VIH\/sida et d\u2019autres IST.<\/p>\n\t\t\t\t\t\t\t\t<\/div>\n\t\t\t\t<\/div>\n\t\t\t\t\t<\/div>\n\t\t<\/div>\n\t\t\t\t<div class=\"elementor-column elementor-col-33 elementor-top-column elementor-element elementor-element-b9ecaa3\" data-id=\"b9ecaa3\" data-element_type=\"column\">\n\t\t\t<div class=\"elementor-widget-wrap elementor-element-populated\">\n\t\t\t\t\t\t<div class=\"elementor-element elementor-element-902ae3d elementor-widget elementor-widget-heading\" data-id=\"902ae3d\" data-element_type=\"widget\" data-widget_type=\"heading.default\">\n\t\t\t\t<div class=\"elementor-widget-container\">\n\t\t\t\t\t<h4 class=\"elementor-heading-title elementor-size-default\">Contact:<\/h4>\t\t\t\t<\/div>\n\t\t\t\t<\/div>\n\t\t\t\t<div class=\"elementor-element elementor-element-e0ad4bf elementor-widget elementor-widget-text-editor\" data-id=\"e0ad4bf\" data-element_type=\"widget\" data-widget_type=\"text-editor.default\">\n\t\t\t\t<div class=\"elementor-widget-container\">\n\t\t\t\t\t\t\t\t\t<p><strong>Robert Sandermann\u00a0<\/strong><br \/>Fachbereich Pr\u00e4vention,<br \/>Presse- und \u00d6ffentlichkeitsarbeit\u00a0<br \/>0761-151-4664-15\u00a0<br \/><a href=\"mailto:robert.sandermann@checkpointaidshilfe.de\">robert.sandermann@checkpointaidshilfe.de<\/a><\/p><p><strong>Stefan Zimmermann<\/strong><br \/>Fachbereich MSM\u00a0<br \/>(M\u00e4nner, die Sex mit M\u00e4nnern haben)<br \/>0761-151-4664-12<br \/><a href=\"mailto:stefan.zimmermann@checkpointaidshilfe.de\">stefan.zimmermann@checkpointaidshilfe.de<\/a><\/p><p><strong>Bettina Deuschle <br \/><\/strong>Fachbereich Frauen und Migration<strong><br \/><\/strong>0761-151-4664-16<br \/><a href=\"mailto:bettina.deuschle@checkpointaidshilfe.de\">bettina.deuschle@checkpointaidshilfe.de<\/a><\/p>\t\t\t\t\t\t\t\t<\/div>\n\t\t\t\t<\/div>\n\t\t\t\t\t<\/div>\n\t\t<\/div>\n\t\t\t\t\t<\/div>\n\t\t<\/section>\n\t\t\t\t<\/div>\n\t\t","protected":false},"excerpt":{"rendered":"<p>Pr\u00e9vention et information Le fait que le VIH\/sida et les autres infections sexuellement transmissibles (IST) touchent tous les groupes de \u00a0population de notre soci\u00e9t\u00e9 laisse&hellip;<\/p>\n","protected":false},"author":1,"featured_media":0,"parent":1572,"menu_order":0,"comment_status":"closed","ping_status":"closed","template":"","meta":{"footnotes":""},"class_list":["post-1591","page","type-page","status-publish","hentry"],"publishpress_future_action":{"enabled":false,"date":"2026-05-07 07:40:13","action":"change-status","newStatus":"draft","terms":[],"taxonomy":"translation_priority","extraData":[]},"publishpress_future_workflow_manual_trigger":{"enabledWorkflows":[]},"_links":{"self":[{"href":"https:\/\/aids-hilfe-freiburg.de\/fr\/wp-json\/wp\/v2\/pages\/1591","targetHints":{"allow":["GET"]}}],"collection":[{"href":"https:\/\/aids-hilfe-freiburg.de\/fr\/wp-json\/wp\/v2\/pages"}],"about":[{"href":"https:\/\/aids-hilfe-freiburg.de\/fr\/wp-json\/wp\/v2\/types\/page"}],"author":[{"embeddable":true,"href":"https:\/\/aids-hilfe-freiburg.de\/fr\/wp-json\/wp\/v2\/users\/1"}],"replies":[{"embeddable":true,"href":"https:\/\/aids-hilfe-freiburg.de\/fr\/wp-json\/wp\/v2\/comments?post=1591"}],"version-history":[{"count":4,"href":"https:\/\/aids-hilfe-freiburg.de\/fr\/wp-json\/wp\/v2\/pages\/1591\/revisions"}],"predecessor-version":[{"id":4346,"href":"https:\/\/aids-hilfe-freiburg.de\/fr\/wp-json\/wp\/v2\/pages\/1591\/revisions\/4346"}],"up":[{"embeddable":true,"href":"https:\/\/aids-hilfe-freiburg.de\/fr\/wp-json\/wp\/v2\/pages\/1572"}],"wp:attachment":[{"href":"https:\/\/aids-hilfe-freiburg.de\/fr\/wp-json\/wp\/v2\/media?parent=1591"}],"curies":[{"name":"wp","href":"https:\/\/api.w.org\/{rel}","templated":true}]}}